{"id":382,"date":"2021-07-01T00:10:49","date_gmt":"2021-06-30T22:10:49","guid":{"rendered":"https:\/\/www.praxis-mayrhofen.at\/privacy\/"},"modified":"2021-07-08T15:26:50","modified_gmt":"2021-07-08T13:26:50","slug":"privacy","status":"publish","type":"page","link":"https:\/\/www.praxis-mayrhofen.at\/en\/privacy\/","title":{"rendered":"Privacy"},"content":{"rendered":"<p>[et_pb_section fb_built=&#8221;1&#8243; admin_label=&#8221;section&#8221; _builder_version=&#8221;4.9.7&#8243; custom_margin=&#8221;||||false|false&#8221; custom_padding=&#8221;0px||0px||false|false&#8221;][et_pb_row admin_label=&#8221;row&#8221; _builder_version=&#8221;4.9.7&#8243; background_size=&#8221;initial&#8221; background_position=&#8221;top_left&#8221; background_repeat=&#8221;repeat&#8221; custom_padding=&#8221;30px||||false|false&#8221;][et_pb_column type=&#8221;4_4&#8243; _builder_version=&#8221;3.25&#8243; custom_padding=&#8221;|||&#8221; custom_padding__hover=&#8221;|||&#8221;][et_pb_post_title meta=&#8221;off&#8221; featured_image=&#8221;off&#8221; _builder_version=&#8221;4.9.7&#8243; _module_preset=&#8221;default&#8221; title_level=&#8221;h2&#8243; title_font=&#8221;|600||on|||||&#8221; title_text_color=&#8221;#496271&#8243; title_font_size=&#8221;15px&#8221; title_line_height=&#8221;1.2em&#8221; background_color=&#8221;#f1f5f7&#8243; custom_margin=&#8221;0px|0px|0px|0px|false|false&#8221; custom_padding=&#8221;10px|10px|0px|13px|false|false&#8221; border_radii=&#8221;on|4px|4px|4px|4px&#8221; border_width_all=&#8221;1px&#8221; border_color_all=&#8221;#c7dce4&#8243;][\/et_pb_post_title][et_pb_text _builder_version=&#8221;4.9.7&#8243; _module_preset=&#8221;default&#8221; custom_padding=&#8221;40px|||||&#8221;]<\/p>\n<h2><span>DATA PROTECTION STATEMENT<\/span><\/h2>\n<p>Wir m\u00f6chten Sie nachstehend \u00fcber die Verarbeitung Ihrer personenbezogenen Daten im Zusammenhang mit einem Einkauf in unserem Weingut informieren.<\/p>\n<p>[\/et_pb_text][et_pb_text _builder_version=&#8221;4.9.7&#8243; _module_preset=&#8221;default&#8221; hover_enabled=&#8221;0&#8243; header_3_line_height=&#8221;1.4em&#8221; sticky_enabled=&#8221;0&#8243;]<\/p>\n<h3>Allgemeines<\/h3>\n<p>Wir verarbeiten Ihre Daten daher ausschlie\u00dflich auf Grundlage der gesetzlichen Bestimmungen (DSGVO, TKG 2003). In diesen Datenschutzinformationen informieren wir Sie \u00fcber die wichtigsten Aspekte der Datenverarbeitung im Rahmen der Gesch\u00e4ftsabwicklung, der Nutzung unserer Website sowie der Zustellung unserer Informationsschreiben und Newsletter.<\/p>\n<p>[\/et_pb_text][et_pb_text _builder_version=&#8221;4.9.7&#8243; _module_preset=&#8221;default&#8221; header_3_line_height=&#8221;1.4em&#8221;]<\/p>\n<h3>Zweck der Datenverarbeitung und Rechtsgrundlage<\/h3>\n<p>Wir verarbeiten Ihre personenbezogenen Daten zur Ausf\u00fchrung der von Ihnen get\u00e4tigten Bestellungen, zur \u00dcbermittlung von aktuellen Informationen bez\u00fcglich unserer Produkte oder Veranstaltungen sowie zur Bearbeitung von Anfragen. Die Bereitstellung Ihrer Daten ist freiwillig, jedoch kann ohne die Bereitstellung der Vertrag nicht geschlossen werden.<\/p>\n<p>[\/et_pb_text][et_pb_text _builder_version=&#8221;4.9.7&#8243; _module_preset=&#8221;default&#8221; header_3_line_height=&#8221;1.4em&#8221;]<\/p>\n<h3>Verwendung ihrer Daten<\/h3>\n<p>Der Schutz Ihrer pers\u00f6nlichen Daten ist uns ein besonderes Anliegen. Sie werden von uns mit gr\u00f6\u00dfter Sorgfalt behandelt. Eine Speicherung und Nutzung Ihrer Daten findet nur soweit statt, als dies<\/p>\n<ul>\n<li>zur Erf\u00fcllung des Vertrages (Rechnungslegung, Erstellung von Lieferscheinen)<\/li>\n<li>zur Wahrung berechtigter eigener Gesch\u00e4ftsinteressen (Zusendung von Informationen)<\/li>\n<li>gegebenenfalls zur Durchf\u00fchrung der Lieferung (Versandunternehmen, Logistik-Partner, Tourenplanung) notwendig ist.<\/li>\n<\/ul>\n<p>[\/et_pb_text][et_pb_text _builder_version=&#8221;4.9.7&#8243; _module_preset=&#8221;default&#8221; header_3_line_height=&#8221;1.4em&#8221;]<\/p>\n<h3>Auftragsverarbeiter und Datenweitergabe<\/h3>\n<p>Unsere Daten werden mit einer Unternehmensl\u00f6sung verwaltet. Dabei greifen wir auf die Dienste der Winenet GmbH zur\u00fcck, welche die Daten in einem \u00f6sterreichischen Rechenzentrum sicher verwahrt<\/p>\n<p>[\/et_pb_text][et_pb_text _builder_version=&#8221;4.9.7&#8243; _module_preset=&#8221;default&#8221; header_3_line_height=&#8221;1.4em&#8221;]<\/p>\n<h3>Dauer der Datenspeiecherung<\/h3>\n<p>Ihre Daten werden von uns nur so lange und in dem Umfang aufbewahrt, als dies erforderlich ist. Nach Ablauf der steuer- und handelsrechtlichen Aufbewahrungsfristen werden Ihre Daten gel\u00f6scht, sofern Sie nicht ausdr\u00fccklich in eine weitere Nutzung Ihrer Daten eingewilligt haben<\/p>\n<p>[\/et_pb_text][et_pb_text _builder_version=&#8221;4.9.7&#8243; _module_preset=&#8221;default&#8221; header_3_line_height=&#8221;1.4em&#8221;]<\/p>\n<h3>Externe Links<\/h3>\n<p>Auf Datenschutzrichtlinien bzw. den Umgang mit geltenden Datenschutzregelungen der auf unserer Homepage verlinkten externen Seiten haben wir keinerlei Einfluss. Diese liegen ausschlie\u00dflich im Verantwortungsbereich der jeweiligen Eigent\u00fcmer, inhaltlich Verantwortlichen, Betreiber oder anderer. Ab Aufruf (Klick) eines solchen externen Links und damit der verlinkten Website gelten ausschlie\u00dflich die Datenschutz-Bestimmungen der jeweiligen Website.<\/p>\n<p>[\/et_pb_text][et_pb_text _builder_version=&#8221;4.9.7&#8243; _module_preset=&#8221;default&#8221; header_3_line_height=&#8221;1.4em&#8221;]<\/p>\n<h3>Cookies<\/h3>\n<p>Wir verwenden auf unseren Seiten zur Erh\u00f6hung der Nutzerfreundlichkeit Cookies &#8211; kleine Textdateien, die auf Ihrem Endger\u00e4t gespeichert werden. Einige dieser Cookies werden beim Schlie\u00dfen Ihres Browsers gel\u00f6scht (Sitzungs- oder Session Cookies), andere verbleiben auf Ihrem Computer, damit wir Ihr Endger\u00e4t beim n\u00e4chsten Besuch wiedererkennen k\u00f6nnen. Die durch oben genannte Cookies erzeugten Informationen dienen ausschlie\u00dflich der Webseiten-Funktionalit\u00e4t und werden nicht auf Server \u00fcbertragen oder gespeichert. Mit Hilfe der Einstellungen Ihres Browsers k\u00f6nnen Sie selbst bestimmen, ob Sie \u00fcber das Setzen von Cookies informiert werden m\u00f6chten und ob Sie im Einzelfall das Setzen best\u00e4tigen oder ablehnen wollen. Sie k\u00f6nnen das Setzen von Cookies auch generell verbieten. Hierbei kann es unter Umst\u00e4nden zu Funktionseinschr\u00e4nkungen auf der Webseite kommen. Falls Sie nicht m\u00f6chten, dass Cookies zur Reichweitenmessung auf Ihrem Endger\u00e4t gespeichert werden, k\u00f6nnen Sie dem Einsatz dieser Dateien hier widersprechen: \u00b7<br \/>Cookie-Deaktivierungsseite der Netzwerkwerbeinitiative:<span> <\/span><a href=\"http:\/\/optout.networkadvertising.org\/?c=1#!\/%C2%A0%20%C2%B7\">http:\/\/optout.networkadvertising.org\/?c=1#!\/ <\/a><br \/>Cookie-Deaktivierungsseite der US-amerikanischen Website:<span> <\/span><a href=\"http:\/\/optout.aboutads.info\/?c=2#!\">http:\/\/optout.aboutads.info\/?c=2#!<\/a><br \/>Cookie-Deaktivierungsseite der europ\u00e4ischen Website:<span> <\/span><a href=\"http:\/\/optout.networkadvertising.org\/?c=1#!\">http:\/\/optout.networkadvertising.org\/?c=1#!<\/a><\/p>\n<p>[\/et_pb_text][et_pb_text _builder_version=&#8221;4.9.7&#8243; _module_preset=&#8221;default&#8221; header_3_line_height=&#8221;1.4em&#8221;]<\/p>\n<h3>Ihre Rechte<\/h3>\n<p>In Bezug auf Ihre von uns verarbeiteten, personenbezogenen Daten steht Ihnen eine Reihe von Rechten zu. All diese Rechte k\u00f6nnen Sie unter der unten angegebenen Adresse geltend machen. Ihre Rechte im Einzelnen:<\/p>\n<\/p>\n<ul>\n<li>Recht auf Auskunft: Sie k\u00f6nnen jederzeit Auskunft \u00fcber Ihre von uns verarbeiteten Daten verlangen. In diesem Fall teilen wir Ihnen schriftlich mit, welche Daten wir \u00fcber Sie gespeichert haben, f\u00fcr welche Zwecke wir diese verwenden, an welche Kategorien von Empf\u00e4ngern wir diese weitergeben und wie lange wir beabsichtigen, diese noch zu speichern. Wir werden Ihrem Auskunftsansuchen unverz\u00fcglich, l\u00e4ngstens jedoch innerhalb eines Monats nachkommen.<\/li>\n<li>Recht auf L\u00f6schung: Sie haben das Recht, jederzeit die L\u00f6schung Ihrer Daten zu verlangen. Diesem Ansuchen kommen wir nach, sofern Ihre Daten f\u00fcr die Vertragserf\u00fcllung nicht mehr notwendig sind und die steuer- und handelsrechtlichen Aufbewahrungsfristen erloschen sind. Andernfalls haben Sie das Recht die Verarbeitung Ihrer Daten einzuschr\u00e4nken.<\/li>\n<li>Recht auf Berichtigung: Sollten wir irrt\u00fcmlich unrichtige oder unvollst\u00e4ndige Daten \u00fcber Sie verarbeiten, so berichtigen wir diese selbstverst\u00e4ndlich. Dazu reicht ein an uns gerichtetes, formloses Schreiben aus.<\/li>\n<li>Recht auf Einschr\u00e4nkung der Verarbeitung: Wenn die L\u00f6schung Ihrer Daten aufgrund der steuer- und handelsrechtlichen Aufbewahrungsfristen noch nicht m\u00f6glich ist haben Sie die M\u00f6glichkeit die weitere Verarbeitung Ihrer personenbezogenen Daten einzuschr\u00e4nken. Dies bedeutet, dass Ihre Daten weiterhin gespeichert bleiben, jedoch keine weiteren Verarbeitungsschritte mehr gesetzt werden. Nach Ablauf der steuer- und handelsrechtlichen Aufbewahrungsfristen werden Ihre Daten gel\u00f6scht.<\/li>\n<li>Recht auf Daten\u00fcbertragbarkeit: Wir stellen Ihnen, die \u00fcber Sie gespeicherten Daten, die wir aufgrund eines Vertrages oder aufgrund Ihrer Einwilligung erhalten haben, auf Ihren Antrag hin kostenlos in einem gebr\u00e4uchlichen Dateiformat zur Verf\u00fcgung. Sie k\u00f6nnen diese Daten f\u00fcr eigene Zwecke verwenden und sie an zuk\u00fcnftige Vertragspartner weitergeben. Bitte haben Sie Verst\u00e4ndnis, dass wir hierf\u00fcr einen Identit\u00e4tsnachweis verlangen.<\/li>\n<li>Recht auf Widerruf: Sie haben das Recht, jederzeit eine bestehende Einwilligung zur Speicherung Ihrer Daten zu widerrufen. Dieser Widerruf hat die L\u00f6schung Ihrer von uns verarbeiteten Daten zur Folge, sofern Ihre Daten f\u00fcr die Vertragserf\u00fcllung nicht mehr notwendig sind und die steuer- und handelsrechtlichen Aufbewahrungsfristen erloschen sind. Andernfalls haben Sie das Recht die Verarbeitung Ihrer Daten einzuschr\u00e4nken.<\/li>\n<li>Recht auf Beschwerde: Die EU-Datenschutz-Grundverordnung und das \u00f6sterreichischen Datenschutzgesetz gew\u00e4hrleisten Ihnen die oben genannten Rechte im Bereich Datenschutz. Wenn Sie der Ansicht sind, in einem dieser Rechte durch unser Weingut verletzt worden zu sein, haben Sie die M\u00f6glichkeit, sich bei einer Datenschutz-Aufsichtsbeh\u00f6rde zu beschweren. In \u00d6sterreich ist daf\u00fcr die \u00d6sterreichische Datenschutzbeh\u00f6rde zust\u00e4ndig. Anspr\u00fcche gegen uns, die Ihnen aufgrund anderer gesetzlicher Grundlagen zustehen, bleiben davon unber\u00fchrt.<\/li>\n<\/ul>\n<p>[\/et_pb_text][et_pb_text _builder_version=&#8221;4.9.7&#8243; _module_preset=&#8221;default&#8221; header_3_line_height=&#8221;1.4em&#8221;]<\/p>\n<h3>\u00c4nderung dieser Datenschutzbestimmungen<\/h3>\n<p>Wir werden diese Richtlinien zum Schutz Ihrer pers\u00f6nlichen Daten von Zeit zu Zeit aktualisieren. Sie sollten sich diese Richtlinien gelegentlich ansehen, um auf dem Laufenden dar\u00fcber zu bleiben, wie wir Ihre Daten sch\u00fctzen und die Inhalte unserer Website stetig verbessern. Sollten wir wesentliche \u00c4nderungen bei der Sammlung, der Nutzung und\/oder der Weitergabe, der uns von Ihnen zur Verf\u00fcgung gestellten personenbezogenen Daten vornehmen, werden wir Sie darauf aufmerksam machen.<\/p>\n<p>[\/et_pb_text][et_pb_text _builder_version=&#8221;4.9.7&#8243; _module_preset=&#8221;default&#8221; header_3_line_height=&#8221;1.4em&#8221;]<\/p>\n<h3>Kontaktdaten<\/h3>\n<p>Bei Fragen oder Anliegen wenden Sie sich bitte an uns!<br \/>Sie erreichen uns unter folgenden Kontaktdaten:<\/p>\n<p>Praxisgemeinschaft Mayrhofen<br \/>Hauptstra\u00dfe 435, A-6290 Mayrhofen<br \/>T<span> <\/span><a href=\"tel:+43528563124\">+43 5285 63124<\/a><br \/>E-Mail:<span> <\/span><a href=\"mailto:dr.moser.dr.niedertscheider@gmail.com\">dr.moser.dr.niedertscheider@gmail.com<\/a><\/p>\n<p>[\/et_pb_text][et_pb_text _builder_version=&#8221;4.9.7&#8243; _module_preset=&#8221;default&#8221; header_3_line_height=&#8221;1.4em&#8221;]<\/p>\n<h3>Weiterf\u00fchrende Links<\/h3>\n<p>Details zur DSGVO \/ die offizielle \u00d6sterreich-Ausgabe finden Sie hier: (Hinweis: untenstehender Link ist ein externer Link: Quelle Datenschutzbeh\u00f6rde \u00d6sterreich)<span> <\/span><a href=\"https:\/\/www.dsb.gv.at\/datenschutz-grundverordnung\">https:\/\/www.dsb.gv.at\/datenschutz-grundverordnung<\/a><\/p>\n<p>[\/et_pb_text][et_pb_text _builder_version=&#8221;4.9.7&#8243; _module_preset=&#8221;default&#8221; header_3_line_height=&#8221;1.4em&#8221;]<\/p>\n<p><span>Letzte \u00c4nderung am 22. Februar 2019. \u00c4nderungen je nach aktueller Gesetzgebung vorbehalten.<\/span><\/p>\n<p>[\/et_pb_text][\/et_pb_column][\/et_pb_row][\/et_pb_section]<\/p>\n","protected":false},"excerpt":{"rendered":"<p>DATA PROTECTION STATEMENT Wir m\u00f6chten Sie nachstehend \u00fcber die Verarbeitung Ihrer personenbezogenen Daten im Zusammenhang mit einem Einkauf in unserem Weingut informieren.Allgemeines Wir verarbeiten Ihre Daten daher ausschlie\u00dflich auf Grundlage der gesetzlichen Bestimmungen (DSGVO, TKG 2003). In diesen Datenschutzinformationen informieren wir Sie \u00fcber die wichtigsten Aspekte der Datenverarbeitung im Rahmen der Gesch\u00e4ftsabwicklung, der Nutzung unserer [&hellip;]<\/p>\n","protected":false},"author":1,"featured_media":0,"parent":0,"menu_order":60,"comment_status":"closed","ping_status":"closed","template":"","meta":{"_et_pb_use_builder":"on","_et_pb_old_content":"","_et_gb_content_width":"","footnotes":""},"class_list":["post-382","page","type-page","status-publish","hentry"],"_links":{"self":[{"href":"https:\/\/www.praxis-mayrhofen.at\/en\/wp-json\/wp\/v2\/pages\/382","targetHints":{"allow":["GET"]}}],"collection":[{"href":"https:\/\/www.praxis-mayrhofen.at\/en\/wp-json\/wp\/v2\/pages"}],"about":[{"href":"https:\/\/www.praxis-mayrhofen.at\/en\/wp-json\/wp\/v2\/types\/page"}],"author":[{"embeddable":true,"href":"https:\/\/www.praxis-mayrhofen.at\/en\/wp-json\/wp\/v2\/users\/1"}],"replies":[{"embeddable":true,"href":"https:\/\/www.praxis-mayrhofen.at\/en\/wp-json\/wp\/v2\/comments?post=382"}],"version-history":[{"count":11,"href":"https:\/\/www.praxis-mayrhofen.at\/en\/wp-json\/wp\/v2\/pages\/382\/revisions"}],"predecessor-version":[{"id":470,"href":"https:\/\/www.praxis-mayrhofen.at\/en\/wp-json\/wp\/v2\/pages\/382\/revisions\/470"}],"wp:attachment":[{"href":"https:\/\/www.praxis-mayrhofen.at\/en\/wp-json\/wp\/v2\/media?parent=382"}],"curies":[{"name":"wp","href":"https:\/\/api.w.org\/{rel}","templated":true}]}}